{"id":11757,"date":"2023-11-16T16:42:25","date_gmt":"2023-11-16T16:42:25","guid":{"rendered":"https:\/\/www.adifa.pt\/news\/"},"modified":"2024-05-20T14:11:50","modified_gmt":"2024-05-20T14:11:50","slug":"news","status":"publish","type":"page","link":"https:\/\/www.adifa.pt\/en\/news\/","title":{"rendered":"News"},"content":{"rendered":"\t\t<div data-elementor-type=\"wp-page\" data-elementor-id=\"11757\" class=\"elementor elementor-11757 elementor-9324\">\n\t\t\t\t\t\t<section class=\"elementor-section elementor-top-section elementor-element elementor-element-3149b6d3 elementor-section-full_width elementor-section-height-default elementor-section-height-default\" data-id=\"3149b6d3\" data-element_type=\"section\" data-e-type=\"section\">\n\t\t\t\t\t\t<div class=\"elementor-container elementor-column-gap-default\">\n\t\t\t\t\t<div class=\"elementor-column elementor-col-100 elementor-top-column elementor-element elementor-element-61df12d1\" data-id=\"61df12d1\" data-element_type=\"column\" data-e-type=\"column\">\n\t\t\t<div class=\"elementor-widget-wrap elementor-element-populated\">\n\t\t\t\t\t\t<div class=\"elementor-element elementor-element-58587816 elementor-widget elementor-widget-onegoal_core_textual_projects_showcase\" data-id=\"58587816\" data-element_type=\"widget\" data-e-type=\"widget\" data-widget_type=\"onegoal_core_textual_projects_showcase.default\">\n\t\t\t\t<div class=\"elementor-widget-container\">\n\t\t\t\t\t<div class=\"qodef-shortcode qodef-m  qodef-textual-projects-showcase qodef--has-appear qodef-textual-projects-showcase-588  qodef-alignment--left\">\n\t<div class=\"qodef-e-holder-inner\" style=\"font-size: 80px;line-height: 1.09em\">\n\t\t\t\t\t\t\t\t\t\t\t\t\t<span class=\"qodef-e-text   qodef-e\">\n\t\t\t\t\t\t\tNews\t\t\t\t\t<\/span>\n\t\t\t\t\t\t\t\t<div class=\"qodef-e-media-holder qodef-e \" style=\"--image-width: 60px;--image-width1440: 36px;--image-width680: 30px\">\n\t<div class=\"qodef-e-image\">\n\t\t\t\t\t<img fetchpriority=\"high\" decoding=\"async\" width=\"512\" height=\"512\" src=\"https:\/\/www.adifa.pt\/wp-content\/uploads\/2023\/11\/adifa-site-icon.png\" class=\"qodef--main\" alt=\"\" srcset=\"https:\/\/www.adifa.pt\/wp-content\/uploads\/2023\/11\/adifa-site-icon.png 512w, https:\/\/www.adifa.pt\/wp-content\/uploads\/2023\/11\/adifa-site-icon-300x300.png 300w, https:\/\/www.adifa.pt\/wp-content\/uploads\/2023\/11\/adifa-site-icon-150x150.png 150w, https:\/\/www.adifa.pt\/wp-content\/uploads\/2023\/11\/adifa-site-icon-100x100.png 100w\" sizes=\"(max-width: 512px) 100vw, 512px\" \/>\t\t\t\t<\/div>\n<\/div>\n\t\t\t\t\t\t<\/div>\n<\/div>\n\t\t\t\t<\/div>\n\t\t\t\t<\/div>\n\t\t\t\t\t<\/div>\n\t\t<\/div>\n\t\t\t\t\t<\/div>\n\t\t<\/section>\n\t\t<div class=\"elementor-element elementor-element-013979e e-con-full e-flex e-con e-parent\" data-id=\"013979e\" data-element_type=\"container\" data-e-type=\"container\">\n\t\t\t\t<div class=\"elementor-element elementor-element-0abd5a0 elementor-widget elementor-widget-image\" data-id=\"0abd5a0\" data-element_type=\"widget\" data-e-type=\"widget\" data-widget_type=\"image.default\">\n\t\t\t\t<div class=\"elementor-widget-container\">\n\t\t\t\t\t\t\t\t\t\t\t\t\t\t\t\t<a href=\"\/en\/nuno-flora-we-want-it-to-be-an-open-and-working-congress\">\n\t\t\t\t\t\t\t<img decoding=\"async\" width=\"2560\" height=\"987\" src=\"https:\/\/www.adifa.pt\/wp-content\/uploads\/2023\/12\/noticias.jpg\" class=\"attachment-full size-full wp-image-11562\" alt=\"\" srcset=\"https:\/\/www.adifa.pt\/wp-content\/uploads\/2023\/12\/noticias.jpg 2560w, https:\/\/www.adifa.pt\/wp-content\/uploads\/2023\/12\/noticias-300x116.jpg 300w, https:\/\/www.adifa.pt\/wp-content\/uploads\/2023\/12\/noticias-1024x395.jpg 1024w, https:\/\/www.adifa.pt\/wp-content\/uploads\/2023\/12\/noticias-768x296.jpg 768w, https:\/\/www.adifa.pt\/wp-content\/uploads\/2023\/12\/noticias-1536x592.jpg 1536w, https:\/\/www.adifa.pt\/wp-content\/uploads\/2023\/12\/noticias-2048x790.jpg 2048w, https:\/\/www.adifa.pt\/wp-content\/uploads\/2023\/12\/noticias-600x231.jpg 600w\" sizes=\"(max-width: 2560px) 100vw, 2560px\" \/>\t\t\t\t\t\t\t\t<\/a>\n\t\t\t\t\t\t\t\t\t\t\t\t\t\t\t<\/div>\n\t\t\t\t<\/div>\n\t\t\t\t<div class=\"elementor-element elementor-element-f283d13 elementor-widget elementor-widget-onegoal_core_section_title\" data-id=\"f283d13\" data-element_type=\"widget\" data-e-type=\"widget\" data-widget_type=\"onegoal_core_section_title.default\">\n\t\t\t\t<div class=\"elementor-widget-container\">\n\t\t\t\t\t<div class=\"qodef-shortcode qodef-m  qodef-section-title qodef-alignment--left \">\n\t\t<div class=\"qodef-m-subtitle\" >\n\t\tOCTOBER 6, 2023\t<\/div>\n\t\t<h2 class=\"qodef-m-title\" >\n\t\t\t\t\t<a itemprop=\"url\" href=\"\/en\/nuno-flora-we-want-it-to-be-an-open-and-working-congress\" target=\"_self\">\n\t\t\t\t\tNuno Flora: \u201cQueremos que seja um congresso aberto e de trabalho\u201d\t\t\t\t\t<\/a>\n\t\t\t<\/h2>\n\t<\/div>\n\t\t\t\t<\/div>\n\t\t\t\t<\/div>\n\t\t\t\t<\/div>\n\t\t<div class=\"elementor-element elementor-element-bab6116 e-con-full e-flex e-con e-parent\" data-id=\"bab6116\" data-element_type=\"container\" data-e-type=\"container\">\n\t\t\t\t<div class=\"elementor-element elementor-element-82e276b elementor-widget elementor-widget-onegoal_core_accordion\" data-id=\"82e276b\" data-element_type=\"widget\" data-e-type=\"widget\" data-widget_type=\"onegoal_core_accordion.default\">\n\t\t\t\t<div class=\"elementor-widget-container\">\n\t\t\t\t\t<div class=\"qodef-shortcode qodef-m  qodef-accordion clear qodef-behavior--toggle qodef-layout--simple \">\n\t<h3 class=\"qodef-accordion-title\">\n\t<span class=\"qodef-tab-title\">2023<\/span>\n\t<span class=\"qodef-accordion-mark\">\n\t\t<span class=\"qodef-icon--minus\"><svg class=\"qodef-svg--arrow-top\" xmlns=\"http:\/\/www.w3.org\/2000\/svg\" width=\"15\" height=\"7.5\"><path d=\"M1.349 7.5a1.319 1.319 0 0 1-.809-.285A1.61 1.61 0 0 1 0 6.531L6.852.147a2.129 2.129 0 0 1 .674-.143 1.329 1.329 0 0 1 .728.143L15 6.36a5.15 5.15 0 0 1-.513.769 1.01 1.01 0 0 1-.836.371L7.338 4.365Z\"\/><\/svg><\/span>\n\t<\/span>\n<\/h3>\n<div class=\"qodef-accordion-content\">\n\t<div class=\"qodef-accordion-content-inner\">\n\t\t<ul><li><a href=\"http:\/\/adifa.pt\/documents\/files\/Artigo_de_opinia%CC%83o_CIP.pdf\" target=\"_blank\" rel=\"noopener\">Compromisso das finan\u00e7as p\u00fablicas<\/a>, Expresso, 21\/07\/2023<\/li><li><a href=\"https:\/\/adifa.pt\/documents\/files\/article-export-738e949d-0888-4e54-99df-a2ece2289576.pdf\" target=\"_blank\" rel=\"noopener\">\u201cPortugal tem um mecanismo perverso de fixa\u00e7\u00e3o dos pre\u00e7os dos medicamentos\u201d<\/a>, NOVO Economia, 15\/07\/2023<\/li><li><a href=\"https:\/\/www.netfarma.pt\/rui-santos-ivo-visita-circuito-logistico-de-medicamentos\/\" target=\"_blank\" rel=\"noopener\">Rui Santos Ivo visita circuito log\u00edstico de medicamentos<\/a>, Netfarma, 29\/05\/2023<\/li><li><a href=\"https:\/\/www.netfarma.pt\/adifa-participa-na-conferencia-do-girp-nos-dias-16-e-17-de-marco-em-madrid\/\" target=\"_blank\" rel=\"noopener\">ADIFA participa na Confer\u00eancia do GIRP nos dias 16 e 17 de mar\u00e7o em Madrid<\/a>, Netfarma, 16\/03\/2023<\/li><li><a href=\"https:\/\/www.supplychainmagazine.pt\/2023\/03\/10\/ce-apresenta-reforma-da-legislacao-para-evitar-falta-de-medicamentos\/\" target=\"_blank\" rel=\"noopener\">Comiss\u00e3o Europeia apresenta reforma da legisla\u00e7\u00e3o para evitar falta de medicamentos<\/a>, Supply Chain Magazine, 10\/03\/2023<\/li><li><a href=\"https:\/\/cip.org.pt\/adifa-recebida-em-audicao-pela-comissao-parlamentar-de-saude\/\" target=\"_blank\" rel=\"noopener\">ADIFA recebida em audi\u00e7\u00e3o pela Comiss\u00e3o Parlamentar de Sa\u00fade<\/a>, CIP, 01\/03\/2023<\/li><li><a href=\"https:\/\/observador.pt\/2023\/02\/22\/distribuidores-farmaceuticos-alertam-que-ha-produtos-com-atrasos-de-um-ano\/\" target=\"_blank\" rel=\"noopener\">Distribuidores farmac\u00eauticos alertam que h\u00e1 produtos com atrasos de um ano<\/a>, Observador, 22\/02\/2023<\/li><li><a href=\"https:\/\/www.netfarma.pt\/adifa-quer-replicar-programa-que-ajudou-mais-de-10-000-doentes-atraves-do-acesso-em-proximidade-a-terapeutica-hospitalar\/\" target=\"_blank\" rel=\"noopener\">ADIFA quer replicar programa que ajudou mais de 10.000 doentes atrav\u00e9s do acesso em proximidade \u00e0 terap\u00eautica hospitalar<\/a>, Netfarma, 13\/02\/2023<\/li><li><a href=\"https:\/\/adifa.pt\/documents\/files\/Subida%20do%20pre%C3%A7o%20dos%20medicamentos%20mais%20baratos%20%C3%A9%20positiva.pdf\" target=\"_blank\" rel=\"noopener\">Subida do pre\u00e7o dos medicamentos mais baratos \"\u00e9 positiva\", diz setor<\/a>, P\u00fablico, 18\/01\/2023<\/li><li><a href=\"https:\/\/marketeer.sapo.pt\/distribuidores-farmaceuticos-defendem-subida-dos-precos-dos-medicamentos\/\" target=\"_blank\" rel=\"noopener\">Distribuidores farmac\u00eauticos defendem subida dos pre\u00e7os dos medicamentos<\/a>, Marketeer, 03\/01\/2023<\/li><\/ul>\t<\/div>\n<\/div>\n<h3 class=\"qodef-accordion-title\">\n\t<span class=\"qodef-tab-title\">2022<\/span>\n\t<span class=\"qodef-accordion-mark\">\n\t\t<span class=\"qodef-icon--minus\"><svg class=\"qodef-svg--arrow-top\" xmlns=\"http:\/\/www.w3.org\/2000\/svg\" width=\"15\" height=\"7.5\"><path d=\"M1.349 7.5a1.319 1.319 0 0 1-.809-.285A1.61 1.61 0 0 1 0 6.531L6.852.147a2.129 2.129 0 0 1 .674-.143 1.329 1.329 0 0 1 .728.143L15 6.36a5.15 5.15 0 0 1-.513.769 1.01 1.01 0 0 1-.836.371L7.338 4.365Z\"\/><\/svg><\/span>\n\t<\/span>\n<\/h3>\n<div class=\"qodef-accordion-content\">\n\t<div class=\"qodef-accordion-content-inner\">\n\t\t<ul><li><a href=\"https:\/\/www.medjournal.pt\/pt\/noticias-saude-humana\/ultimas-noticias\/combater-a-inflacao-e-atualizar-preco-dos-medicamentos-adifa-aponta-prioridades-para-2023\/\" target=\"_blank\" rel=\"noopener\">Garantir o regular abastecimento de medicamentos, combater a infla\u00e7\u00e3o e atualizar pre\u00e7o dos medicamentos \u2013 ADIFA aponta prioridades para 2023<\/a>, Medjournal, 29\/12\/2022<\/li><li><a href=\"https:\/\/adifa.pt\/documents\/files\/FN%20Artigo%20Opini%C3%A3o%20NF.pdf\" target=\"_blank\" rel=\"noopener\">Os caminhos que nos podem levar a uma cobertura vacinal mais alargada<\/a>, Farmac\u00eautico News, 26\/12\/2022<\/li><li><a href=\"https:\/\/adifa.pt\/documents\/files\/Fri-23-Dec-2022-Expresso-Falta-de-medicamentos-vai-manter-se%20-%20no-pr-ximo-ano_removed.pdf\" target=\"_blank\" rel=\"noopener\">Falta de medicamentos vai manter-se no pr\u00f3ximo ano<\/a>, Expresso, 23\/12\/2022\u00a0<\/li><li><a href=\"https:\/\/adifa.pt\/documents\/files\/Fri-16-Dec-2022-Farm-cia-Distribui%20-%20o-Novas-medidas-refor-am-parceria-entre-a-Farm-cia-e-o-SNS_removed.pdf\" target=\"_blank\" rel=\"noopener\">Novas medidas refor\u00e7am a parceria entre a Farm\u00e1cia e o SNS<\/a>, Farm\u00e1cia Distribui\u00e7\u00e3o, 16\/12\/2022<\/li><li><a href=\"https:\/\/www.netfarma.pt\/adifa-recebida-em-audiencia-no-ministerio-da-saude\/\" target=\"_blank\" rel=\"noopener\">ADIFA recebida em audi\u00eancia no Minist\u00e9rio da Sa\u00fade<\/a>, Netfarma, 02\/12\/2022<\/li><li><a href=\"https:\/\/adifa.pt\/documents\/files\/Wed-02-Nov-2022-Farm-cia-Distribui--o-Entregues-mais-de-36-mil-medicamentos-hospitalares-em-regime-de-proximidade%20%281%29-compressed.pdf\" target=\"_blank\" rel=\"noopener\">Entregues mais de 36 mil medicamentos hospitalares em regime de proximidade<\/a>, Farm\u00e1cia Distribui\u00e7\u00e3o, 02\/11\/2022<\/li><li><a href=\"https:\/\/bodhi-production-assets.s3.amazonaws.com\/uploads\/articles\/641759365\/2022102714531585.mp4\" target=\"_blank\" rel=\"noopener\">Medicamentos em falta<\/a>, TVI, 27\/10\/2022<\/li><li><a href=\"https:\/\/adifa.pt\/documents\/files\/Sat-22-Oct-2022-P-blico-Distribuidores-pedem-subida-do-pre-o-dos-medicamentos.pdf\" target=\"_blank\" rel=\"noopener\">Distribuidores pedem subida do pre\u00e7o dos medicamentos<\/a>, P\u00fablico, 22\/10\/2022<\/li><li><a href=\"https:\/\/www.netfarma.pt\/distribuidores-asseguram-entrega-de-800-mil-vacinas-contra-a-gripe-nas-farmacias-comunitarias\/\" target=\"_blank\" rel=\"noopener\">Distribuidores asseguram entrega de 800 mil vacinas contra a gripe nas farm\u00e1cias comunit\u00e1rias<\/a>, Netfarma, 28\/09\/2022<\/li><li><a href=\"https:\/\/www.netfarma.pt\/adifa-admite-ameaca-real-ao-normal-funcionamento-do-circuito-de-abastecimento\/\" target=\"_blank\" rel=\"noopener\">ADIFA admite \"amea\u00e7a real ao normal funcionamento do circuito de abastecimento\u201d<\/a>, Netfarma, 09\/09\/2022<\/li><li><a href=\"https:\/\/www.netfarma.pt\/distribuidores-entregaram-mais-de-36-mil-medicamentos-hospitalares-em-proximidade\/\" target=\"_blank\" rel=\"noopener\">Distribuidores entregaram mais de 36 mil medicamentos hospitalares em proximidade<\/a>, Netfarma, 01\/09\/2022<\/li><li><a href=\"https:\/\/adifa.pt\/documents\/files\/Fri-08-Jul-2022-Jornal-Econ-mico-Crise-energ-tica-coloca-press-o-na-distribui--o-farmac-utica.pdf\" target=\"_blank\" rel=\"noopener\">Crise energ\u00e9tica coloca press\u00e3o na distribui\u00e7\u00e3o farmac\u00eautica<\/a>, Jornal Econ\u00f3mico, 08\/07\/2022<\/li><li><a href=\"https:\/\/adifa.pt\/documents\/files\/Thu-30-Jun-2022-Marketing-Farmac-utico.pdf\" target=\"_blank\" rel=\"noopener\">O novo rosto da distribui\u00e7\u00e3o farmac\u00eautica<\/a>, Marketing Farmac\u00eautico, 30\/06\/2022<\/li><li><a href=\"https:\/\/expresso.pt\/opiniao\/2022-06-06-Dia-Mundial-do-Meio-Ambiente-para-uma-transicao-ecologica-mais-inclusiva-sustentavel-e-geradora-de-crescimento-027c589b\" target=\"_blank\" rel=\"noopener\">Dia Mundial do Meio Ambiente: para uma transi\u00e7\u00e3o ecol\u00f3gica mais inclusiva, sustent\u00e1vel e geradora de crescimento<\/a>, Expresso, 06\/06\/2022<\/li><li><a href=\"https:\/\/adifa.pt\/documents\/files\/Mon-11-Jul-2022-Farm-cia-Distribui--o-5o-Anivers-rio-ADIFA_final.pdf\" target=\"_blank\" rel=\"noopener\">Pela ambi\u00e7\u00e3o (mais urgente) de um futuro sustent\u00e1vel<\/a>, Farm\u00e1cia Distribui\u00e7\u00e3o, 01\/06\/2022<\/li><li><a href=\"https:\/\/www.netfarma.pt\/nuno-flora-da-adifa-as-empresas-vao-ate-onde-podem\/\" target=\"_blank\" rel=\"noopener\">Nuno Flora, da Adifa: \u201cAs empresas v\u00e3o at\u00e9 onde podem\u201d<\/a>, Netfarma, 31\/05\/2022<\/li><li><a href=\"https:\/\/expresso.pt\/sociedade\/2022-05-28-Farmaceuticas-pedem-ao-Governo-que-atualize-precos-dos-medicamentos-60958600\" target=\"_blank\" rel=\"noopener\">Farmac\u00eauticas pedem ao Governo que atualize pre\u00e7os dos medicamentos<\/a>, Expresso, 28\/05\/2022<\/li><li><a href=\"https:\/\/www.rtp.pt\/madeira\/politica\/guerra-na-ucrania-agrava-custos-com-a-saude_94636\" target=\"_blank\" rel=\"noopener\">Guerra na Ucr\u00e2nia agrava custos com a sa\u00fade<\/a>, RTP, 28\/05\/2022<\/li><li><a href=\"https:\/\/www.netfarma.pt\/ami-lancou-campanha-de-reciclagem-de-radiografias\/\" target=\"_blank\" rel=\"noopener\">AMI lan\u00e7ou campanha de reciclagem de radiografias<\/a>, Netfarma, 18\/05\/2022<\/li><li><a href=\"https:\/\/www.publico.pt\/2022\/05\/18\/sociedade\/noticia\/marta-temido-afasta-ja-mascara-obrigatoria-testes-gratuitos-farmacias-2006762\" target=\"_blank\" rel=\"noopener\">Portugal pode chegar aos 60 mil casos di\u00e1rios mas Governo afasta recuo nas medidas<\/a>, P\u00fablico, 18\/05\/2022<\/li><li><a href=\"https:\/\/www.medjournal.pt\/pt\/noticias-saude-humana\/ultimas-noticias\/adifa-assinala-5-aniversario-com-compromisso-de-neutralidade-carbonica-da-distribuicao-farmaceutica-ate-2040\/\" target=\"_blank\" rel=\"noopener\">ADIFA assinala 5\u00ba anivers\u00e1rio com compromisso de neutralidade carb\u00f3nica da distribui\u00e7\u00e3o farmac\u00eautica at\u00e9 2040<\/a>, Medjournal, 18\/05\/2022<\/li><li><a href=\"https:\/\/healthnews.pt\/2022\/05\/16\/associacao-de-distribuidores-farmaceuticos-promove-evento-dedicado-a-transicao-ecologica\/?doing_wp_cron=1654509237.1402359008789062500000#respond\" target=\"_blank\" rel=\"noopener\">Associa\u00e7\u00e3o de Distribuidores Farmac\u00eauticos promove evento dedicado \u00e0 transi\u00e7\u00e3o ecol\u00f3gica<\/a>, Healthnews, 16\/05\/2022<\/li><li><a href=\"https:\/\/adifa.pt\/documents\/files\/Wed-04-May-2022-Marketing-Farmac-utico-Guerra-na-Ucrania.pdf\" target=\"_blank\" rel=\"noopener\">Guerra na Ucr\u00e2nia<\/a>, Marketing Farmac\u00eautico, 04\/05\/2022<\/li><li><a href=\"https:\/\/adifa.pt\/documents\/files\/Entrevista%20NF_Farmaceutico%20News_Mar_Abr22.pdf\" target=\"_blank\" rel=\"noopener\">O lado (in)vis\u00edvel do percurso do medicamento<\/a>, Farmac\u00eautico News, 21\/04\/2022<\/li><li><a href=\"https:\/\/www.rtp.pt\/noticias\/economia\/distribuidores-garantem-que-medicamentos-nao-vao-faltar_a1392249\" target=\"_blank\" rel=\"noopener\">Distribuidores garantem que medicamentos n\u00e3o v\u00e3o faltar<\/a>, Antena 1, 18\/03\/2022<\/li><li><a href=\"https:\/\/www.leak.pt\/combustiveis-distribuicao-medicamentos\/\" target=\"_blank\" rel=\"noopener\">Combust\u00edveis: distribui\u00e7\u00e3o de medicamentos pode estar em risco!<\/a>, LEAK, 14\/03\/2022<\/li><li><a href=\"https:\/\/expresso.pt\/economia\/2022-03-11-Distribuidores-farmaceuticos-podem-entrar-no-vermelho-devido-a-custos-energeticos-dc574523\" target=\"_blank\" rel=\"noopener\">Distribuidores farmac\u00eauticos podem \u201centrar no vermelho\u201d devido a custos energ\u00e9ticos<\/a>, Expresso, 11\/03\/2022<\/li><li><a href=\"https:\/\/www.dn.pt\/opiniao\/o-que-ficou-esquecido-nos-programas-eleitorais-14532699.html\" target=\"_blank\" rel=\"noopener\">O que ficou esquecido nos programas eleitorais<\/a>, Di\u00e1rio de Not\u00edcias, 28\/01\/2022<\/li><li><a href=\"https:\/\/eco.sapo.pt\/2022\/01\/13\/nuno-flora-e-o-novo-lider-distribuidores-farmaceuticos\/\" target=\"_blank\" rel=\"noopener\">Nuno Flora \u00e9 o novo l\u00edder dos distribuidores farmac\u00eauticos<\/a>, ECO, 13\/01\/2022<\/li><\/ul>\t<\/div>\n<\/div>\n<\/div>\n\t\t\t\t<\/div>\n\t\t\t\t<\/div>\n\t\t\t\t<\/div>\n\t\t\t\t<section class=\"elementor-section elementor-top-section elementor-element elementor-element-8d19fea elementor-section-full_width qodef-elementor-content-grid elementor-section-stretched elementor-hidden-desktop elementor-hidden-tablet elementor-hidden-mobile elementor-section-height-default elementor-section-height-default\" data-id=\"8d19fea\" data-element_type=\"section\" data-e-type=\"section\" data-settings=\"{&quot;background_background&quot;:&quot;classic&quot;,&quot;stretch_section&quot;:&quot;section-stretched&quot;}\">\n\t\t\t\t\t\t<div class=\"elementor-container elementor-column-gap-no\">\n\t\t\t\t\t<div class=\"elementor-column elementor-col-100 elementor-top-column elementor-element elementor-element-674c479\" data-id=\"674c479\" data-element_type=\"column\" data-e-type=\"column\">\n\t\t\t<div class=\"elementor-widget-wrap elementor-element-populated\">\n\t\t\t\t\t\t<div class=\"elementor-element elementor-element-c9ea624 elementor-widget elementor-widget-onegoal_core_section_title\" data-id=\"c9ea624\" data-element_type=\"widget\" data-e-type=\"widget\" data-widget_type=\"onegoal_core_section_title.default\">\n\t\t\t\t<div class=\"elementor-widget-container\">\n\t\t\t\t\t<div class=\"qodef-shortcode qodef-m  qodef-section-title qodef-alignment--center qodef-title-break--disabled\">\n\t\t<div class=\"qodef-m-subtitle\" >\n\t\tnewsletter\t<\/div>\n\t\t<h2 class=\"qodef-m-title\" >\n\t\t\t\t\tSubscreva a nossa Newsletter e fique<br \/> a par de todas as novidades da ADIFA!\t\t\t<\/h2>\n\t<\/div>\n\t\t\t\t<\/div>\n\t\t\t\t<\/div>\n\t\t\t\t<div class=\"elementor-element elementor-element-dcbee4a button_subs elementor-widget elementor-widget-html\" data-id=\"dcbee4a\" data-element_type=\"widget\" data-e-type=\"widget\" data-widget_type=\"html.default\">\n\t\t\t\t<div class=\"elementor-widget-container\">\n\t\t\t\t\t<script>\n    (function(w,d,e,u,f,l,n){w[f]=w[f]||function(){(w[f].q=w[f].q||[])\n    .push(arguments);},l=d.createElement(e),l.async=1,l.src=u,\n    n=d.getElementsByTagName(e)[0],n.parentNode.insertBefore(l,n);})\n    (window,document,'script','https:\/\/assets.mailerlite.com\/js\/universal.js','ml');\n    ml('account', '699109');\n<\/script>\n<a class=\"qodef-shortcode qodef-m qodef-button qodef-layout--outlined qodef-html--link\" href=\"javascript:void(0)\" onclick=\"ml('show', 'mdT25m', true)\" target=\"_self\">\n\t<span class=\"qodef-m-text\">SUBSCRIBE<\/span>\n\t<span class=\"qodef-m-arrow\">\n\t\t<svg xmlns=\"http:\/\/www.w3.org\/2000\/svg\" class=\"qodef-svg--arrow-top-right\" width=\"10\" height=\"10\" viewbox=\"0 0 10.00 10.00\"><path d=\"M1.018 10.009 0 8.991l7.569-7.582H1.723L1.737 0h8.26v8.274H8.574l.013-5.847Z\"><\/path><path d=\"M1.018 10.009 0 8.991l7.569-7.582H1.723L1.737 0h8.26v8.274H8.574l.013-5.847Z\"><\/path><\/path><\/path><\/svg>\t<\/span>\n<\/a>\t\t\t\t<\/div>\n\t\t\t\t<\/div>\n\t\t\t\t<div class=\"elementor-element elementor-element-d049174 elementor-widget-divider--view-line elementor-widget elementor-widget-divider\" data-id=\"d049174\" data-element_type=\"widget\" data-e-type=\"widget\" data-widget_type=\"divider.default\">\n\t\t\t\t<div class=\"elementor-widget-container\">\n\t\t\t\t\t\t\t<div class=\"elementor-divider\">\n\t\t\t<span class=\"elementor-divider-separator\">\n\t\t\t\t\t\t<\/span>\n\t\t<\/div>\n\t\t\t\t\t\t<\/div>\n\t\t\t\t<\/div>\n\t\t\t\t\t<\/div>\n\t\t<\/div>\n\t\t\t\t\t<\/div>\n\t\t<\/section>\n\t\t\t\t<section class=\"elementor-section elementor-top-section elementor-element elementor-element-e96e391 elementor-section-full_width qodef-elementor-content-grid elementor-section-stretched elementor-section-height-default elementor-section-height-default\" data-id=\"e96e391\" data-element_type=\"section\" data-e-type=\"section\" data-settings=\"{&quot;background_background&quot;:&quot;classic&quot;,&quot;stretch_section&quot;:&quot;section-stretched&quot;}\">\n\t\t\t\t\t\t<div class=\"elementor-container elementor-column-gap-no\">\n\t\t\t\t\t<div class=\"elementor-column elementor-col-100 elementor-top-column elementor-element elementor-element-756e485\" data-id=\"756e485\" data-element_type=\"column\" data-e-type=\"column\">\n\t\t\t<div class=\"elementor-widget-wrap elementor-element-populated\">\n\t\t\t\t\t\t<div class=\"elementor-element elementor-element-9a7b200 elementor-widget elementor-widget-spacer\" data-id=\"9a7b200\" data-element_type=\"widget\" data-e-type=\"widget\" data-widget_type=\"spacer.default\">\n\t\t\t\t<div class=\"elementor-widget-container\">\n\t\t\t\t\t\t\t<div class=\"elementor-spacer\">\n\t\t\t<div class=\"elementor-spacer-inner\"><\/div>\n\t\t<\/div>\n\t\t\t\t\t\t<\/div>\n\t\t\t\t<\/div>\n\t\t\t\t\t<\/div>\n\t\t<\/div>\n\t\t\t\t\t<\/div>\n\t\t<\/section>\n\t\t\t\t<\/div>\n\t\t","protected":false},"excerpt":{"rendered":"<p>News OCTOBER 6, 2023 Nuno Flora: \u201cQueremos que seja um congresso aberto e de trabalho\u201d 2023 Compromisso das finan\u00e7as p\u00fablicas, Expresso, 21\/07\/2023 \u201cPortugal tem um mecanismo perverso de fixa\u00e7\u00e3o dos pre\u00e7os dos medicamentos\u201d, NOVO Economia, 15\/07\/2023 Rui Santos Ivo visita circuito log\u00edstico de medicamentos, Netfarma, 29\/05\/2023 ADIFA participa na Confer\u00eancia do GIRP nos dias 16 [&hellip;]<\/p>\n","protected":false},"author":3,"featured_media":0,"parent":0,"menu_order":0,"comment_status":"closed","ping_status":"closed","template":"","meta":{"footnotes":""},"class_list":["post-11757","page","type-page","status-publish","hentry"],"_links":{"self":[{"href":"https:\/\/www.adifa.pt\/en\/wp-json\/wp\/v2\/pages\/11757","targetHints":{"allow":["GET"]}}],"collection":[{"href":"https:\/\/www.adifa.pt\/en\/wp-json\/wp\/v2\/pages"}],"about":[{"href":"https:\/\/www.adifa.pt\/en\/wp-json\/wp\/v2\/types\/page"}],"author":[{"embeddable":true,"href":"https:\/\/www.adifa.pt\/en\/wp-json\/wp\/v2\/users\/3"}],"replies":[{"embeddable":true,"href":"https:\/\/www.adifa.pt\/en\/wp-json\/wp\/v2\/comments?post=11757"}],"version-history":[{"count":31,"href":"https:\/\/www.adifa.pt\/en\/wp-json\/wp\/v2\/pages\/11757\/revisions"}],"predecessor-version":[{"id":13853,"href":"https:\/\/www.adifa.pt\/en\/wp-json\/wp\/v2\/pages\/11757\/revisions\/13853"}],"wp:attachment":[{"href":"https:\/\/www.adifa.pt\/en\/wp-json\/wp\/v2\/media?parent=11757"}],"curies":[{"name":"wp","href":"https:\/\/api.w.org\/{rel}","templated":true}]}}