{"id":11636,"date":"2023-11-16T16:28:01","date_gmt":"2023-11-16T16:28:01","guid":{"rendered":"https:\/\/www.adifa.pt\/announcements\/"},"modified":"2024-01-08T17:38:31","modified_gmt":"2024-01-08T17:38:31","slug":"announcements","status":"publish","type":"page","link":"https:\/\/www.adifa.pt\/en\/announcements\/","title":{"rendered":"Announcements"},"content":{"rendered":"\t\t<div data-elementor-type=\"wp-page\" data-elementor-id=\"11636\" class=\"elementor elementor-11636 elementor-9302\">\n\t\t\t\t\t\t<section class=\"elementor-section elementor-top-section elementor-element elementor-element-f2bca90 elementor-section-full_width elementor-section-height-default elementor-section-height-default\" data-id=\"f2bca90\" data-element_type=\"section\" data-e-type=\"section\">\n\t\t\t\t\t\t<div class=\"elementor-container elementor-column-gap-default\">\n\t\t\t\t\t<div class=\"elementor-column elementor-col-100 elementor-top-column elementor-element elementor-element-54b5f790\" data-id=\"54b5f790\" data-element_type=\"column\" data-e-type=\"column\">\n\t\t\t<div class=\"elementor-widget-wrap elementor-element-populated\">\n\t\t\t\t\t\t<div class=\"elementor-element elementor-element-5e96799c elementor-widget elementor-widget-onegoal_core_textual_projects_showcase\" data-id=\"5e96799c\" data-element_type=\"widget\" data-e-type=\"widget\" data-widget_type=\"onegoal_core_textual_projects_showcase.default\">\n\t\t\t\t<div class=\"elementor-widget-container\">\n\t\t\t\t\t<div class=\"qodef-shortcode qodef-m  qodef-textual-projects-showcase qodef--has-appear qodef-textual-projects-showcase-188  qodef-alignment--left\">\n\t<div class=\"qodef-e-holder-inner\" style=\"font-size: 80px;line-height: 1.09em\">\n\t\t\t\t\t\t\t\t\t\t\t\t\t<span class=\"qodef-e-text   qodef-e\">\n\t\t\t\t\t\t\tAnnouncements\t\t\t\t\t<\/span>\n\t\t\t\t\t\t\t\t<div class=\"qodef-e-media-holder qodef-e \" style=\"--image-width: 60px;--image-width1440: 36px;--image-width680: 30px\">\n\t<div class=\"qodef-e-image\">\n\t\t\t\t\t<img fetchpriority=\"high\" decoding=\"async\" width=\"512\" height=\"512\" src=\"https:\/\/www.adifa.pt\/wp-content\/uploads\/2023\/11\/adifa-site-icon.png\" class=\"qodef--main\" alt=\"\" srcset=\"https:\/\/www.adifa.pt\/wp-content\/uploads\/2023\/11\/adifa-site-icon.png 512w, https:\/\/www.adifa.pt\/wp-content\/uploads\/2023\/11\/adifa-site-icon-300x300.png 300w, https:\/\/www.adifa.pt\/wp-content\/uploads\/2023\/11\/adifa-site-icon-150x150.png 150w, https:\/\/www.adifa.pt\/wp-content\/uploads\/2023\/11\/adifa-site-icon-100x100.png 100w\" sizes=\"(max-width: 512px) 100vw, 512px\" \/>\t\t\t\t<\/div>\n<\/div>\n\t\t\t\t\t\t<\/div>\n<\/div>\n\t\t\t\t<\/div>\n\t\t\t\t<\/div>\n\t\t\t\t\t<\/div>\n\t\t<\/div>\n\t\t\t\t\t<\/div>\n\t\t<\/section>\n\t\t<div class=\"elementor-element elementor-element-355d61b e-con-full e-flex e-con e-parent\" data-id=\"355d61b\" data-element_type=\"container\" data-e-type=\"container\">\n\t\t\t\t<div class=\"elementor-element elementor-element-a121e46 elementor-widget elementor-widget-image\" data-id=\"a121e46\" data-element_type=\"widget\" data-e-type=\"widget\" data-widget_type=\"image.default\">\n\t\t\t\t<div class=\"elementor-widget-container\">\n\t\t\t\t\t\t\t\t\t\t\t\t\t\t\t<img decoding=\"async\" width=\"1300\" height=\"800\" src=\"https:\/\/www.adifa.pt\/wp-content\/uploads\/2023\/12\/ADIFA-8.jpg\" class=\"attachment-full size-full wp-image-11555\" alt=\"\" srcset=\"https:\/\/www.adifa.pt\/wp-content\/uploads\/2023\/12\/ADIFA-8.jpg 1300w, https:\/\/www.adifa.pt\/wp-content\/uploads\/2023\/12\/ADIFA-8-300x185.jpg 300w, https:\/\/www.adifa.pt\/wp-content\/uploads\/2023\/12\/ADIFA-8-1024x630.jpg 1024w, https:\/\/www.adifa.pt\/wp-content\/uploads\/2023\/12\/ADIFA-8-768x473.jpg 768w, https:\/\/www.adifa.pt\/wp-content\/uploads\/2023\/12\/ADIFA-8-600x369.jpg 600w\" sizes=\"(max-width: 1300px) 100vw, 1300px\" \/>\t\t\t\t\t\t\t\t\t\t\t\t\t\t\t<\/div>\n\t\t\t\t<\/div>\n\t\t\t\t<div class=\"elementor-element elementor-element-d71bbbf elementor-widget elementor-widget-onegoal_core_section_title\" data-id=\"d71bbbf\" data-element_type=\"widget\" data-e-type=\"widget\" data-widget_type=\"onegoal_core_section_title.default\">\n\t\t\t\t<div class=\"elementor-widget-container\">\n\t\t\t\t\t<div class=\"qodef-shortcode qodef-m  qodef-section-title qodef-alignment--left \">\n\t\t\t<h2 class=\"qodef-m-title\" >\n\t\t\t\t\tFind all our communications here\t\t\t<\/h2>\n\t<\/div>\n\t\t\t\t<\/div>\n\t\t\t\t<\/div>\n\t\t\t\t<div class=\"elementor-element elementor-element-c38581e elementor-widget elementor-widget-onegoal_core_accordion\" data-id=\"c38581e\" data-element_type=\"widget\" data-e-type=\"widget\" data-widget_type=\"onegoal_core_accordion.default\">\n\t\t\t\t<div class=\"elementor-widget-container\">\n\t\t\t\t\t<div class=\"qodef-shortcode qodef-m  qodef-accordion clear qodef-behavior--toggle qodef-layout--simple \">\n\t<h3 class=\"qodef-accordion-title\">\n\t<span class=\"qodef-tab-title\">2023<\/span>\n\t<span class=\"qodef-accordion-mark\">\n\t\t<span class=\"qodef-icon--minus\"><svg class=\"qodef-svg--arrow-top\" xmlns=\"http:\/\/www.w3.org\/2000\/svg\" width=\"15\" height=\"7.5\"><path d=\"M1.349 7.5a1.319 1.319 0 0 1-.809-.285A1.61 1.61 0 0 1 0 6.531L6.852.147a2.129 2.129 0 0 1 .674-.143 1.329 1.329 0 0 1 .728.143L15 6.36a5.15 5.15 0 0 1-.513.769 1.01 1.01 0 0 1-.836.371L7.338 4.365Z\"\/><\/svg><\/span>\n\t<\/span>\n<\/h3>\n<div class=\"qodef-accordion-content\">\n\t<div class=\"qodef-accordion-content-inner\">\n\t\t<ul><li>14\/12\/2023 | <a href=\"https:\/\/www.adifa.pt\/wp-content\/uploads\/2024\/01\/IA_Presidente-da-Convencao-Nacional-da-Saude-visita-instalacoes-da-distribuidora-farmaceutica-Cooprofar.pdf\" target=\"_blank\" rel=\"noopener\">Presidente da Conven\u00e7\u00e3o Nacional da Sa\u00fade visita instala\u00e7\u00f5es da distribuidora farmac\u00eautica Cooprofar<\/a><\/li><li>09\/10\/2023 |\u00a0<a href=\"https:\/\/adifa.pt\/documents\/files\/CI_.ADIFA%20refor%C3%A7a%20papel%20dos%20distribuidores%20farmac%C3%AAuticos%20no%20acesso%20aos%20medicamentos%20e%20na%20prote%C3%A7%C3%A3o%20dos%20doentes_FINAL.pdf\" target=\"_blank\" rel=\"noopener\">ADIFA refor\u00e7a papel dos distribuidores farmac\u00eauticos no acesso aos medicamentos e na prote\u00e7\u00e3o dos doentes -\u00a0Este e outros temas em destaque no II Congresso Nacional de Distribui\u00e7\u00e3o Farmac\u00eautica<\/a><\/li><li>27\/09\/2023 |\u00a0<a href=\"https:\/\/adifa.pt\/documents\/files\/CI_Distribuidores%20Farmac%C3%AAuticos%20asseguram%20a%20entrega%20de%204%20milh%C3%B5es%20de%20vacinas%20contra%20a%20gripe%20e%20a%20covid-19%20nas%20farm%C3%A1cias.pdf\" target=\"_blank\" rel=\"noopener\">Distribuidores Farmac\u00eauticos asseguram a entrega de 4 milh\u00f5es de vacinas contra a gripe e a covid-19 nas farm\u00e1cias<\/a><\/li><li>11\/09\/2023 |\u00a0<a href=\"https:\/\/adifa.pt\/documents\/files\/IA_II%20Congresso%20Nacional%20de%20Distribui%C3%A7%C3%A3o%20Farmac%C3%AAutica%20da%20ADIFA%20traz%20a%20debate%20quest%C3%B5es%20estrat%C3%A9gicas%20e%20tend%C3%AAncias%20do%20setor.pdf\" target=\"_blank\" rel=\"noopener\">II Congresso Nacional de Distribui\u00e7\u00e3o Farmac\u00eautica da ADIFA traz a debate quest\u00f5es estrat\u00e9gicas e tend\u00eancias do setor<\/a><\/li><li>06\/07\/2023 |\u00a0<a href=\"https:\/\/adifa.pt\/documents\/files\/Nota%20de%20Agenda_II%20Congresso%20Nacional%20da%20Distribuic%CC%A7a%CC%83o%20Farmace%CC%82utica.pdf\" target=\"_blank\" rel=\"noopener\">II Congresso Nacional da Distribui\u00e7\u00e3o Farmac\u00eautica<\/a><\/li><li>29\/05\/2023 |\u00a0<a href=\"https:\/\/adifa.pt\/documents\/files\/Nota%20de%20Agenda_Presidente%20Infarmed%20visita%20distribuic%CC%A7a%CC%83o%20farmace%CC%82utica.pdf\" target=\"_blank\" rel=\"noopener\">Presidente do Infarmed visita Distribui\u00e7\u00e3o Farmac\u00eautica<\/a><\/li><li>16\/03\/2023 |\u00a0<a href=\"https:\/\/www.adifa.pt\/wp-content\/uploads\/2024\/01\/2.-PR_ADIFA-participa-na-Conferencia-do-GIRP-em-Madrid.pdf\" target=\"_blank\" rel=\"noopener\">ADIFA participa na Confer\u00eancia do GIRP nos dias 16 e 17 de mar\u00e7o em Madrid<\/a><\/li><li>22\/02\/2023 |\u00a0<a href=\"https:\/\/www.adifa.pt\/wp-content\/uploads\/2024\/01\/1.-PR_DF-defendem-sistema-integrado-de-alerta-previo-e-monitorizacao-de-escassez.pdf\" target=\"_blank\" rel=\"noopener\">Distribuidores farmac\u00eauticos defendem sistema integrado de alerta pr\u00e9vio e monitoriza\u00e7\u00e3o de escassez de medicamentos<\/a><\/li><li>13\/02\/2023 |\u00a0<a href=\"https:\/\/adifa.pt\/documents\/files\/PR_ADIFA%20quer%20replicar%20programa%20que%20ajudou%20mais%20de%2010.000%20doentes%20atrave%CC%81s%20do%20acesso%20em%20proximidade%20a%CC%80%20terape%CC%82utica%20hospitalar.pdf\" target=\"_blank\" rel=\"noopener\">ADIFA quer replicar programa que ajudou mais de 10.000 doentes atrav\u00e9s do acesso em proximidade \u00e0\u00a0terap\u00eautica hospitalar<\/a><\/li><\/ul>\t<\/div>\n<\/div>\n<h3 class=\"qodef-accordion-title\">\n\t<span class=\"qodef-tab-title\">2022<\/span>\n\t<span class=\"qodef-accordion-mark\">\n\t\t<span class=\"qodef-icon--minus\"><svg class=\"qodef-svg--arrow-top\" xmlns=\"http:\/\/www.w3.org\/2000\/svg\" width=\"15\" height=\"7.5\"><path d=\"M1.349 7.5a1.319 1.319 0 0 1-.809-.285A1.61 1.61 0 0 1 0 6.531L6.852.147a2.129 2.129 0 0 1 .674-.143 1.329 1.329 0 0 1 .728.143L15 6.36a5.15 5.15 0 0 1-.513.769 1.01 1.01 0 0 1-.836.371L7.338 4.365Z\"\/><\/svg><\/span>\n\t<\/span>\n<\/h3>\n<div class=\"qodef-accordion-content\">\n\t<div class=\"qodef-accordion-content-inner\">\n\t\t<ul><li>29\/12\/2022 |\u00a0<a href=\"https:\/\/adifa.pt\/documents\/files\/PR_ADIFA%20aponta%20prioridades%20para%20o%20setor%20da%20distribuic%CC%A7a%CC%83o%20farmace%CC%82utica%20em%202023.pdf\" target=\"_blank\" rel=\"noopener\">Garantir o regular abastecimento de medicamentos, combater a infla\u00e7\u00e3o e atualizar pre\u00e7o dos medicamentos \u2013 ADIFA aponta prioridades para 2023<\/a><\/li><li>10\/11\/2022 |\u00a0<a href=\"https:\/\/adifa.pt\/documents\/files\/PR_ADIFA%20nomeia%20Andrea%20de%20Sousa%20para%20Secret%C3%A1ria-Geral.pdf\" target=\"_blank\" rel=\"noopener\">ADIFA nomeia Andrea de Sousa para Secret\u00e1ria-Geral<\/a><\/li><li>27\/09\/2022 |\u00a0<a href=\"https:\/\/adifa.pt\/documents\/files\/PR_Distribuidores%20farmac%C3%AAuticos%20asseguram%20entrega%20de%20800%20mil%20vacinas%20contra%20a%20gripe%20nas%20farm%C3%A1cias%20comunit%C3%A1rias.pdf\" target=\"_blank\" rel=\"noopener\">Distribuidores farmac\u00eauticos asseguram entrega de 800 mil vacinas contra a gripe nas farm\u00e1cias comunit\u00e1rias<\/a><\/li><li>07\/06\/2022 |\u00a0<a href=\"https:\/\/adifa.pt\/documents\/files\/Nota%20de%20Agenda_Diretora-Geral%20da%20Sau%CC%81de%20visita%20distribuic%CC%A7a%CC%83o%20farmace%CC%82utica.pdf\" target=\"_blank\" rel=\"noopener\">Diretora-Geral da Sa\u00fade visita distribui\u00e7\u00e3o farmac\u00eautica<\/a><\/li><li>07\/06\/2022 |\u00a0<a href=\"https:\/\/adifa.pt\/documents\/files\/PR_Distribuic%CC%A7a%CC%83o%20Farmace%CC%82utica%20pede%20medidas%20urgentes%20para%20minimizar%20o%20aumento%20dos%20custos%20dos%20combusti%CC%81veis%20no%20transporte%20de%20medicamentos_07062022.pdf\" target=\"_blank\" rel=\"noopener\">Distribui\u00e7\u00e3o Farmac\u00eautica pede medidas urgentes para minimizar o aumento dos custos dos combust\u00edveis no transporte de medicamentos<\/a><\/li><li>18\/05\/2022 |\u00a0<a href=\"https:\/\/adifa.pt\/documents\/files\/CI_ADIFA%20assinala%205%C2%BA%20anivers%C3%A1rio%20com%20compromisso%20de%20neutralidade%20carb%C3%B3nica%20do%20setor%20em%202040_vFINAL.pdf\" target=\"_blank\" rel=\"noopener\">ADIFA assinala 5\u00ba\u00a0anivers\u00e1rio com compromisso de neutralidade carb\u00f3nica da distribui\u00e7\u00e3o farmac\u00eautica at\u00e9 2040<\/a><\/li><li>13\/04\/2022 |\u00a0<a href=\"https:\/\/adifa.pt\/documents\/files\/CI_Ucr%C3%A2nia.%20Apoio%20dos%20associados%20da%20ADIFA%20supera%20j%C3%A1%20as%205%20toneladas%20de%20medicamentos%20e%20produtos%20de%20sa%C3%BAde.pdf\" target=\"_blank\" rel=\"noopener\">Apoio dos Distribuidores Farmac\u00eauticos \u00e0 Ucr\u00e2nia supera j\u00e1 as 5 toneladas de medicamentos e produtos de sa\u00fade<\/a><\/li><li>29\/03\/2022 |\u00a0<a href=\"https:\/\/adifa.pt\/documents\/files\/CI_Bastona%CC%81rio%20da%20Ordem%20dos%20Farmace%CC%82uticos%20destaca%20%E2%80%9Cservic%CC%A7o%20essencial%E2%80%9D%20e%20robustez%20da%20distribuic%CC%A7a%CC%83o%20farmace%CC%82utica.pdf\" target=\"_blank\" rel=\"noopener\">Baston\u00e1rio da Ordem dos Farmac\u00eauticos destaca \u201cservi\u00e7o essencial\u201d e robustez da distribui\u00e7\u00e3o farmac\u00eautica, em manh\u00e3 dedicada ao setor<\/a><\/li><li>18\/01\/2022 |\u00a0<a href=\"https:\/\/adifa.pt\/documents\/files\/PR_N%C3%BAmero%20de%20testes%20r%C3%A1pidos%20%C3%A0%20COVID-19_18.01.2022.pdf\" target=\"_blank\" rel=\"noopener\">N\u00famero de testes r\u00e1pidos \u00e0 COVID-19 distribu\u00eddos pelos distribuidores farmac\u00eauticos chega aos 9,7 milh\u00f5es<\/a><\/li><li>13\/01\/2022 |\u00a0<a href=\"https:\/\/adifa.pt\/documents\/files\/PR_PRESID%C3%8ANCIA%20ADIFA%20_13.01.2022.pdf\" target=\"_blank\" rel=\"noopener\">Nuno Flora \u00e9 o novo Presidente da ADIFA<\/a><\/li><\/ul>\t<\/div>\n<\/div>\n<h3 class=\"qodef-accordion-title\">\n\t<span class=\"qodef-tab-title\">2021<\/span>\n\t<span class=\"qodef-accordion-mark\">\n\t\t<span class=\"qodef-icon--minus\"><svg class=\"qodef-svg--arrow-top\" xmlns=\"http:\/\/www.w3.org\/2000\/svg\" width=\"15\" height=\"7.5\"><path d=\"M1.349 7.5a1.319 1.319 0 0 1-.809-.285A1.61 1.61 0 0 1 0 6.531L6.852.147a2.129 2.129 0 0 1 .674-.143 1.329 1.329 0 0 1 .728.143L15 6.36a5.15 5.15 0 0 1-.513.769 1.01 1.01 0 0 1-.836.371L7.338 4.365Z\"\/><\/svg><\/span>\n\t<\/span>\n<\/h3>\n<div class=\"qodef-accordion-content\">\n\t<div class=\"qodef-accordion-content-inner\">\n\t\t<ul><li>06\/12\/2021 |\u00a0<a href=\"https:\/\/adifa.pt\/documents\/files\/PR_DISTRIBUI%C3%87%C3%83O_TESTES_COVID-19%20_06122021.pdf\" target=\"_blank\" rel=\"noopener\">Distribuidores farmac\u00eauticos de servi\u00e7o completo j\u00e1 distribu\u00edram cerca de 5 milh\u00f5es de testes r\u00e1pidos COVID-19 \u00e0s farm\u00e1cias<\/a><\/li><li>09\/09\/2021 |\u00a0<a href=\"https:\/\/adifa.pt\/documents\/files\/PR_62%20AMC%20GIRP_Portugal.pdf\" target=\"_blank\" rel=\"noopener\">Congresso Europeu de Distribuidores Farmac\u00eauticos organizado em Portugal<\/a><\/li><li>30\/08\/2021 |\u00a0<a href=\"https:\/\/adifa.pt\/documents\/files\/PR_VISITA%20ADIFA_SEAS_26082021.pdf\" target=\"_blank\" rel=\"noopener\">Secret\u00e1rio de Estado Adjunto e da Sa\u00fade visita distribuidor farmac\u00eautico de servi\u00e7o completo<\/a><\/li><li>16\/07\/2021 |\u00a0<a href=\"https:\/\/adifa.pt\/documents\/files\/PR_ADIFA_DISTRIBUIC%CC%A7A%CC%83O_AUTOTESTES_COVID-19%20_JUL21_vFINAL.pdf\" target=\"_blank\" rel=\"noopener\">Distribuidores Farmac\u00eauticos entregaram mais de 1,6 milh\u00f5es de testes r\u00e1pidos COVID-19 \u00e0s farm\u00e1cias comunit\u00e1rias<\/a><\/li><li>21\/06\/2021 |\u00a0<a href=\"https:\/\/adifa.pt\/documents\/files\/PR_DISTRIBUIC%CC%A7A%CC%83O_AUTOTESTES_COVID-19%20_21062021.pdf\" target=\"_blank\" rel=\"noopener\">Distribuidores farmac\u00eauticos de servi\u00e7o completo j\u00e1 distribu\u00edram mais de 500 mil autotestes COVID-19 \u00e0s farm\u00e1cias<\/a><\/li><li>09\/04\/2021 |\u00a0<a href=\"https:\/\/adifa.pt\/documents\/files\/PR_DISTRIBUI%C3%87%C3%83O_AUTOTESTES_COVID-19%20_09042021.pdf\" target=\"_blank\" rel=\"noopener\">Distribuidores farmac\u00eauticos j\u00e1 distribu\u00edram cerca de 100 mil autotestes COVID-19 \u00e0s farm\u00e1cias<\/a><\/li><\/ul>\t<\/div>\n<\/div>\n<h3 class=\"qodef-accordion-title\">\n\t<span class=\"qodef-tab-title\">2020<\/span>\n\t<span class=\"qodef-accordion-mark\">\n\t\t<span class=\"qodef-icon--minus\"><svg class=\"qodef-svg--arrow-top\" xmlns=\"http:\/\/www.w3.org\/2000\/svg\" width=\"15\" height=\"7.5\"><path d=\"M1.349 7.5a1.319 1.319 0 0 1-.809-.285A1.61 1.61 0 0 1 0 6.531L6.852.147a2.129 2.129 0 0 1 .674-.143 1.329 1.329 0 0 1 .728.143L15 6.36a5.15 5.15 0 0 1-.513.769 1.01 1.01 0 0 1-.836.371L7.338 4.365Z\"\/><\/svg><\/span>\n\t<\/span>\n<\/h3>\n<div class=\"qodef-accordion-content\">\n\t<div class=\"qodef-accordion-content-inner\">\n\t\t<ul><li>29\/05\/2020 |\u00a0<a href=\"https:\/\/adifa.pt\/documents\/files\/Distribuidores%20farmaceuticos%20criam%20plataforma.pdf\" target=\"_blank\" rel=\"noopener\">Distribuidores farmac\u00eauticos criam plataforma para facilitar a rastreabilidade dos medicamentos hospitalares distribu\u00eddos \u00e0s farm\u00e1cias<\/a><\/li><li>26\/03\/2020 |\u00a0<a href=\"https:\/\/adifa.pt\/documents\/files\/PR_Elei%C3%A7%C3%B5es_Nuno%20Cardoso%20assume%20a%20presid%C3%AAncia%20da%20ADIFA_26032020_vPT.pdf\" target=\"_blank\" rel=\"noopener\">Nuno Cardoso assume a presid\u00eancia da ADIFA - Associa\u00e7\u00e3o de Distribuidores Farmac\u00eauticos<\/a><\/li><li>12\/03\/2020 |\u00a0<a href=\"https:\/\/adifa.pt\/documents\/files\/Comunicado%20ADIFA_COVID19.pdf\" target=\"_blank\" rel=\"noopener\">COVID-19 - Plano de continuidade e conting\u00eancia dos distribuidores farmac\u00eauticos de servi\u00e7o completo no abastecimento \u00e0s farm\u00e1cias<\/a><\/li><\/ul>\t<\/div>\n<\/div>\n<h3 class=\"qodef-accordion-title\">\n\t<span class=\"qodef-tab-title\">2019<\/span>\n\t<span class=\"qodef-accordion-mark\">\n\t\t<span class=\"qodef-icon--minus\"><svg class=\"qodef-svg--arrow-top\" xmlns=\"http:\/\/www.w3.org\/2000\/svg\" width=\"15\" height=\"7.5\"><path d=\"M1.349 7.5a1.319 1.319 0 0 1-.809-.285A1.61 1.61 0 0 1 0 6.531L6.852.147a2.129 2.129 0 0 1 .674-.143 1.329 1.329 0 0 1 .728.143L15 6.36a5.15 5.15 0 0 1-.513.769 1.01 1.01 0 0 1-.836.371L7.338 4.365Z\"\/><\/svg><\/span>\n\t<\/span>\n<\/h3>\n<div class=\"qodef-accordion-content\">\n\t<div class=\"qodef-accordion-content-inner\">\n\t\t<ul><li>09\/12\/2019 |\u00a0<a href=\"https:\/\/adifa.pt\/documents\/files\/Agenda%20Setor%2019.23_vFINAL.pdf\" target=\"_blank\" rel=\"noopener\">Agenda para o Setor da Distribui\u00e7\u00e3o Farmac\u00eautica de Servi\u00e7o Completo - Propostas para a XIV Legislatura<\/a><\/li><li>06\/06\/2019 |\u00a0ADIFA Reafirma representa\u00e7\u00e3o no panorama europeu da distribui\u00e7\u00e3o farmac\u00eautica<\/li><li>04\/04\/2019 |\u00a0<a href=\"https:\/\/adifa.pt\/documents\/files\/Comunicado%20Estudo%20Impacto%20Distribui%C3%A7%C3%A3o%20Farmac%C3%AAutica_vFINAL.pdf\" target=\"_blank\" rel=\"noopener\">Degrada\u00e7\u00e3o do pre\u00e7o dos medicamentos amea\u00e7a servi\u00e7o de interesse p\u00fablico da distribui\u00e7\u00e3o farmac\u00eautica<\/a><\/li><li>06\/03\/2019 |\u00a0<a href=\"https:\/\/adifa.pt\/documents\/files\/1.%20Congresso%20Nacional%20da%20Distribui%C3%A7%C3%A3o%20Farmac%C3%AAutica%20agendado%20para%204%20de%20abril%2C%20em%20Lisboa%20%2806.03.2019%29.pdf\" target=\"_blank\" rel=\"noopener\">Congresso Nacional da Distribui\u00e7\u00e3o Farmac\u00eautica agendado para 4 de abril, em Lisboa<\/a><\/li><li>25\/02\/2019 |\u00a0<a href=\"https:\/\/adifa.pt\/documents\/files\/0.%20Medicamentos%20sujeitos%20a%20receita%20m%C3%A9dica%20obedecem%20a%20novas%20regras%20de%20controlo%20de%20autenticidade%20%2825.02.2019%29.pdf\" target=\"_blank\" rel=\"noopener\">Distribuidores Farmac\u00eauticos preparados para as novas regras de verifica\u00e7\u00e3o da autenticidade dos medicamentos<\/a><\/li><li>30\/11\/2018 |\u00a0<a href=\"https:\/\/adifa.pt\/documents\/files\/Comunicado%20ADIFA%20-%20GIRP%202021_vFINAL.pdf\" target=\"_blank\" rel=\"noopener\">Portugal recebe em 2021 o maior encontro de distribuidores farmac\u00eauticos da Europa<\/a><\/li><li>09\/06\/2018 |\u00a0<a href=\"https:\/\/adifa.pt\/documents\/files\/Comunicado%20-%20ADIFA%20distinguida%20com%20premio%20Projeto%20do%20Ano_vFINAL.pdf\" target=\"_blank\" rel=\"noopener\">ADIFA distinguida com pr\u00e9mio Projeto do Ano<\/a><\/li><li>10\/05\/2017 |\u00a0<a href=\"http:\/\/adifa.pt\/public\/documents\/comunicados\/PressRelease_NovaAssociacao.pdf\" target=\"_blank\" rel=\"noopener\">Setor da Distribui\u00e7\u00e3o Farmac\u00eautica tem nova Associa\u00e7\u00e3o<\/a><\/li><\/ul>\t<\/div>\n<\/div>\n<\/div>\n\t\t\t\t<\/div>\n\t\t\t\t<\/div>\n\t\t\t\t<\/div>\n\t\t\t\t<section class=\"elementor-section elementor-top-section elementor-element elementor-element-3b536c4 elementor-section-full_width qodef-elementor-content-grid elementor-section-stretched elementor-hidden-desktop elementor-hidden-tablet elementor-hidden-mobile elementor-section-height-default elementor-section-height-default\" data-id=\"3b536c4\" data-element_type=\"section\" data-e-type=\"section\" data-settings=\"{&quot;background_background&quot;:&quot;classic&quot;,&quot;stretch_section&quot;:&quot;section-stretched&quot;}\">\n\t\t\t\t\t\t<div class=\"elementor-container elementor-column-gap-no\">\n\t\t\t\t\t<div class=\"elementor-column elementor-col-100 elementor-top-column elementor-element elementor-element-bf85cdf\" data-id=\"bf85cdf\" data-element_type=\"column\" data-e-type=\"column\">\n\t\t\t<div class=\"elementor-widget-wrap elementor-element-populated\">\n\t\t\t\t\t\t<div class=\"elementor-element elementor-element-587a61b elementor-widget elementor-widget-onegoal_core_section_title\" data-id=\"587a61b\" data-element_type=\"widget\" data-e-type=\"widget\" data-widget_type=\"onegoal_core_section_title.default\">\n\t\t\t\t<div class=\"elementor-widget-container\">\n\t\t\t\t\t<div class=\"qodef-shortcode qodef-m  qodef-section-title qodef-alignment--center qodef-title-break--disabled\">\n\t\t<div class=\"qodef-m-subtitle\" >\n\t\tnewsletter\t<\/div>\n\t\t<h2 class=\"qodef-m-title\" >\n\t\t\t\t\tSubscreva a nossa Newsletter e fique<br \/> a par de todas as novidades da ADIFA!\t\t\t<\/h2>\n\t<\/div>\n\t\t\t\t<\/div>\n\t\t\t\t<\/div>\n\t\t\t\t<div class=\"elementor-element elementor-element-83e0fab button_subs elementor-widget elementor-widget-html\" data-id=\"83e0fab\" data-element_type=\"widget\" data-e-type=\"widget\" data-widget_type=\"html.default\">\n\t\t\t\t<div class=\"elementor-widget-container\">\n\t\t\t\t\t<script>\n    (function(w,d,e,u,f,l,n){w[f]=w[f]||function(){(w[f].q=w[f].q||[])\n    .push(arguments);},l=d.createElement(e),l.async=1,l.src=u,\n    n=d.getElementsByTagName(e)[0],n.parentNode.insertBefore(l,n);})\n    (window,document,'script','https:\/\/assets.mailerlite.com\/js\/universal.js','ml');\n    ml('account', '699109');\n<\/script>\n<a class=\"qodef-shortcode qodef-m qodef-button qodef-layout--outlined qodef-html--link\" href=\"javascript:void(0)\" onclick=\"ml('show', 'mdT25m', true)\" target=\"_self\">\n\t<span class=\"qodef-m-text\">SUBSCRIBE<\/span>\n\t<span class=\"qodef-m-arrow\">\n\t\t<svg xmlns=\"http:\/\/www.w3.org\/2000\/svg\" class=\"qodef-svg--arrow-top-right\" width=\"10\" height=\"10\" viewbox=\"0 0 10.00 10.00\"><path d=\"M1.018 10.009 0 8.991l7.569-7.582H1.723L1.737 0h8.26v8.274H8.574l.013-5.847Z\"><\/path><path d=\"M1.018 10.009 0 8.991l7.569-7.582H1.723L1.737 0h8.26v8.274H8.574l.013-5.847Z\"><\/path><\/path><\/path><\/svg>\t<\/span>\n<\/a>\t\t\t\t<\/div>\n\t\t\t\t<\/div>\n\t\t\t\t<div class=\"elementor-element elementor-element-c49954d elementor-widget-divider--view-line elementor-widget elementor-widget-divider\" data-id=\"c49954d\" data-element_type=\"widget\" data-e-type=\"widget\" data-widget_type=\"divider.default\">\n\t\t\t\t<div class=\"elementor-widget-container\">\n\t\t\t\t\t\t\t<div class=\"elementor-divider\">\n\t\t\t<span class=\"elementor-divider-separator\">\n\t\t\t\t\t\t<\/span>\n\t\t<\/div>\n\t\t\t\t\t\t<\/div>\n\t\t\t\t<\/div>\n\t\t\t\t\t<\/div>\n\t\t<\/div>\n\t\t\t\t\t<\/div>\n\t\t<\/section>\n\t\t\t\t<section class=\"elementor-section elementor-top-section elementor-element elementor-element-661ff5d elementor-section-full_width qodef-elementor-content-grid elementor-section-stretched elementor-section-height-default elementor-section-height-default\" data-id=\"661ff5d\" data-element_type=\"section\" data-e-type=\"section\" data-settings=\"{&quot;background_background&quot;:&quot;classic&quot;,&quot;stretch_section&quot;:&quot;section-stretched&quot;}\">\n\t\t\t\t\t\t<div class=\"elementor-container elementor-column-gap-no\">\n\t\t\t\t\t<div class=\"elementor-column elementor-col-100 elementor-top-column elementor-element elementor-element-04e2185\" data-id=\"04e2185\" data-element_type=\"column\" data-e-type=\"column\">\n\t\t\t<div class=\"elementor-widget-wrap elementor-element-populated\">\n\t\t\t\t\t\t<div class=\"elementor-element elementor-element-9891bdf elementor-widget elementor-widget-spacer\" data-id=\"9891bdf\" data-element_type=\"widget\" data-e-type=\"widget\" data-widget_type=\"spacer.default\">\n\t\t\t\t<div class=\"elementor-widget-container\">\n\t\t\t\t\t\t\t<div class=\"elementor-spacer\">\n\t\t\t<div class=\"elementor-spacer-inner\"><\/div>\n\t\t<\/div>\n\t\t\t\t\t\t<\/div>\n\t\t\t\t<\/div>\n\t\t\t\t\t<\/div>\n\t\t<\/div>\n\t\t\t\t\t<\/div>\n\t\t<\/section>\n\t\t\t\t<\/div>\n\t\t","protected":false},"excerpt":{"rendered":"<p>Announcements Find all our communications here 2023 14\/12\/2023 | Presidente da Conven\u00e7\u00e3o Nacional da Sa\u00fade visita instala\u00e7\u00f5es da distribuidora farmac\u00eautica Cooprofar 09\/10\/2023 |\u00a0ADIFA refor\u00e7a papel dos distribuidores farmac\u00eauticos no acesso aos medicamentos e na prote\u00e7\u00e3o dos doentes &#8211;\u00a0Este e outros temas em destaque no II Congresso Nacional de Distribui\u00e7\u00e3o Farmac\u00eautica 27\/09\/2023 |\u00a0Distribuidores Farmac\u00eauticos asseguram a [&hellip;]<\/p>\n","protected":false},"author":3,"featured_media":0,"parent":0,"menu_order":0,"comment_status":"closed","ping_status":"closed","template":"","meta":{"footnotes":""},"class_list":["post-11636","page","type-page","status-publish","hentry"],"_links":{"self":[{"href":"https:\/\/www.adifa.pt\/en\/wp-json\/wp\/v2\/pages\/11636","targetHints":{"allow":["GET"]}}],"collection":[{"href":"https:\/\/www.adifa.pt\/en\/wp-json\/wp\/v2\/pages"}],"about":[{"href":"https:\/\/www.adifa.pt\/en\/wp-json\/wp\/v2\/types\/page"}],"author":[{"embeddable":true,"href":"https:\/\/www.adifa.pt\/en\/wp-json\/wp\/v2\/users\/3"}],"replies":[{"embeddable":true,"href":"https:\/\/www.adifa.pt\/en\/wp-json\/wp\/v2\/comments?post=11636"}],"version-history":[{"count":7,"href":"https:\/\/www.adifa.pt\/en\/wp-json\/wp\/v2\/pages\/11636\/revisions"}],"predecessor-version":[{"id":11848,"href":"https:\/\/www.adifa.pt\/en\/wp-json\/wp\/v2\/pages\/11636\/revisions\/11848"}],"wp:attachment":[{"href":"https:\/\/www.adifa.pt\/en\/wp-json\/wp\/v2\/media?parent=11636"}],"curies":[{"name":"wp","href":"https:\/\/api.w.org\/{rel}","templated":true}]}}